{"id":223348,"date":"2026-03-11T13:06:49","date_gmt":"2026-03-11T12:06:49","guid":{"rendered":"https:\/\/vakantie-meerlo-noord-limburg.nl\/?page_id=223348"},"modified":"2026-04-01T21:57:03","modified_gmt":"2026-04-01T19:57:03","slug":"vergaderen","status":"publish","type":"page","link":"https:\/\/vakantie-meerlo-noord-limburg.nl\/de\/zakelijk-en-feesten\/vergaderen\/","title":{"rendered":"Meetings"},"content":{"rendered":"<div class=\"et_pb_section_0 et_pb_section et_section_regular et_flex_section\">\n<div class=\"et_pb_row_0 et_pb_row et_flex_row\">\n<div class=\"et_pb_column_0 et_pb_column et-last-child et_flex_column et_pb_css_mix_blend_mode_passthrough et_flex_column_24_24 et_flex_column_24_24_tablet et_flex_column_24_24_phone\">\n<div class=\"et_pb_text_0 et_pb_text et_pb_bg_layout_light et_pb_module et_flex_module\"><div class=\"et_pb_text_inner\"><h1>Meetings<\/h1>\n<\/div><\/div>\n<\/div>\n<\/div>\n<\/div>\n\n<div class=\"et_pb_section_1 et_pb_section et_section_regular et_flex_section\">\n<div class=\"et_pb_row_1 et_pb_row et_flex_row\">\n<div class=\"et_pb_column_1 et_pb_column et_flex_column et_pb_css_mix_blend_mode_passthrough et_flex_column_24_24 et_flex_column_24_24_tablet et_flex_column_24_24_phone\">\n<div class=\"et_pb_image_0 et_pb_image et_pb_module et_flex_module\"><span class=\"et_pb_image_wrap\"><img loading=\"lazy\" decoding=\"async\" src=\"https:\/\/vakantie-meerlo-noord-limburg.nl\/wp-content\/uploads\/2026\/03\/Vakantie-Meerlo-Vergaderen-workshop-buiten.jpg\" title=\"Vakantie Meerlo Vergaderen workshop buiten\" width=\"600\" height=\"400\" srcset=\"https:\/\/vakantie-meerlo-noord-limburg.nl\/wp-content\/uploads\/2026\/03\/Vakantie-Meerlo-Vergaderen-workshop-buiten.jpg 600w, https:\/\/vakantie-meerlo-noord-limburg.nl\/wp-content\/uploads\/2026\/03\/Vakantie-Meerlo-Vergaderen-workshop-buiten-480x320.jpg 480w\" sizes=\"(min-width: 0px) and (max-width: 480px) 480px, (min-width: 481px) 600px, 100vw\" class=\"wp-image-223837\" \/><\/span><\/div>\n<\/div>\n\n<div class=\"et_pb_column_2 et_pb_column et-last-child et_flex_column et_pb_css_mix_blend_mode_passthrough et_flex_column_24_24 et_flex_column_24_24_tablet et_flex_column_24_24_phone\">\n<div class=\"et_pb_text_1 et_pb_text et_pb_bg_layout_light et_pb_module et_flex_module\"><div class=\"et_pb_text_inner\"><h2>Vergaderen in Noord Limburg<\/h2>\n<p>Eben Ihrer \u00dcbernachtung k\u00f6nnen Sie bei Vakantie Meerlo auch Tagungen abhalten. F\u00fcr bis zu 24 Personen sind Tagungen im traditionellen Stil m\u00f6glich. Wenn Sie eine alternative Tagungsform w\u00fcnschen, richten sich die M\u00f6glichkeiten nach Ihren W\u00fcnschen (2\u201353 Personen). Die Unterkunft eignet sich hervorragend f\u00fcr alternative Tagungen oder Tagungen im Freien.<\/p>\n<\/div><\/div>\n\n<div class=\"et_pb_image_1 et_pb_image et_animated et_pb_module et_flex_module\"><a href=\"\/de\/call-me-back\/\"><span class=\"et_pb_image_wrap\"><img loading=\"lazy\" decoding=\"async\" src=\"https:\/\/vakantie-meerlo-noord-limburg.nl\/wp-content\/uploads\/2026\/03\/StelUwVraag.png\" title=\"StelUwVraag\" width=\"300\" height=\"300\" srcset=\"https:\/\/vakantie-meerlo-noord-limburg.nl\/wp-content\/uploads\/2026\/03\/StelUwVraag.png 300w, https:\/\/vakantie-meerlo-noord-limburg.nl\/wp-content\/uploads\/2026\/03\/StelUwVraag-150x150.png 150w, https:\/\/vakantie-meerlo-noord-limburg.nl\/wp-content\/uploads\/2026\/03\/StelUwVraag-12x12.png 12w\" sizes=\"(max-width: 300px) 100vw, 300px\" class=\"wp-image-223354\" \/><\/span><\/a><\/div>\n<\/div>\n<\/div>\n\n<div class=\"et_pb_row_2 et_pb_row et_flex_row\">\n<div class=\"et_pb_column_3 et_pb_column et_flex_column et_pb_css_mix_blend_mode_passthrough et_flex_column_6_24 et_flex_column_12_24_tablet et_flex_column_24_24_phone\">\n<div class=\"et_pb_text_2 et_pb_text et_pb_bg_layout_light et_pb_module et_flex_module\"><div class=\"et_pb_text_inner\"><p><span style=\"color: #003300;\"><strong>Konferenzr\u00e4ume<\/strong><\/span><\/p>\n<ul>\n<li>2\u20134 Personen<\/li>\n<li>2-8 Personen<\/li>\n<li>8-24 Personen<\/li>\n<\/ul>\n<\/div><\/div>\n<\/div>\n\n<div class=\"et_pb_column_4 et_pb_column et_flex_column et_pb_css_mix_blend_mode_passthrough et_flex_column_6_24 et_flex_column_12_24_tablet et_flex_column_24_24_phone\">\n<div class=\"et_pb_text_3 et_pb_text et_pb_bg_layout_light et_pb_module et_flex_module\"><div class=\"et_pb_text_inner\"><p><span style=\"color: #003300;\"><strong>Ausstattung<\/strong><\/span><\/p>\n<ul>\n<li>Wlan<\/li>\n<li>Beamer<\/li>\n<li>Projektionswand<\/li>\n<li>Flipcharts und Stifte<\/li>\n<li>LCD-Bildschirm<\/li>\n<li>Catering m\u00f6glich<\/li>\n<\/ul>\n<\/div><\/div>\n<\/div>\n\n<div class=\"et_pb_column_5 et_pb_column et_flex_column et_pb_css_mix_blend_mode_passthrough et_flex_column_6_24 et_flex_column_12_24_tablet et_flex_column_24_24_phone\">\n<div class=\"et_pb_text_4 et_pb_text et_pb_bg_layout_light et_pb_module et_flex_module\"><div class=\"et_pb_text_inner\"><p><span style=\"color: #003300;\"><strong>Sonstige Einrichtungen<\/strong><\/span><\/p>\n<ul>\n<li>Kostenlose Parkpl\u00e4tze<\/li>\n<li>Ladestation vorhanden<\/li>\n<li>Buslinie 88 direkt vor der T\u00fcr<\/li>\n<li>In der N\u00e4he der Autobahn<\/li>\n<li>Rollstuhlgerecht<\/li>\n<li>Flughafen 20 km entfernt<\/li>\n<li>Shuttle-Service<\/li>\n<\/ul>\n<\/div><\/div>\n<\/div>\n\n<div class=\"et_pb_column_6 et_pb_column et-last-child et_flex_column et_pb_css_mix_blend_mode_passthrough et_flex_column_6_24 et_flex_column_12_24_tablet et_flex_column_24_24_phone\">\n<div class=\"et_pb_text_5 et_pb_text et_pb_bg_layout_light et_pb_module et_flex_module\"><div class=\"et_pb_text_inner\"><p><span style=\"color: #003300;\"><strong>Bauernhof<\/strong><\/span><\/p>\n<ul>\n<li>Bauernhof<\/li>\n<li>Am Rande der Natur<\/li>\n<li>Au\u00dfenbereich<\/li>\n<li>Grillm\u00f6glichkeit<\/li>\n<\/ul>\n<\/div><\/div>\n<\/div>\n<\/div>\n\n<div class=\"et_pb_row_3 et_pb_row et_flex_row\">\n<div class=\"et_pb_column_7 et_pb_column et-last-child et_flex_column et_pb_css_mix_blend_mode_passthrough et_flex_column_24_24 et_flex_column_24_24_tablet et_flex_column_24_24_phone\">\n<div class=\"et_pb_gallery_0 et_pb_gallery et_pb_bg_layout_light et_pb_gallery_grid et_pb_module\" data-auto-rotate=\"off\" data-auto-rotate-speed=\"\"><div class=\"et_pb_gallery_items et_post_gallery clearfix et_grid_module\" data-per_page=\"99\"><div class=\"et_pb_gallery_item et_pb_grid_item et_pb_gallery_item_0_0\"><div class=\"et_pb_gallery_image landscape\" data-per_page=\"99\"><a href=\"https:\/\/vakantie-meerlo-noord-limburg.nl\/wp-content\/uploads\/2026\/03\/Vakantie-Meerlo-zorgeloos-op-vakantie-ontbijt-in-de-natuur.jpg\" title=\"Vakantie Meerlo zorgeloos op vakantie ontbijt in de natuur\"><img loading=\"lazy\" decoding=\"async\" width=\"400\" height=\"284\" src=\"https:\/\/vakantie-meerlo-noord-limburg.nl\/wp-content\/uploads\/2026\/03\/Vakantie-Meerlo-zorgeloos-op-vakantie-ontbijt-in-de-natuur-400x284.jpg\" alt=\"\" class=\"wp-image-223822\" srcset=\"https:\/\/vakantie-meerlo-noord-limburg.nl\/wp-content\/uploads\/2026\/03\/Vakantie-Meerlo-zorgeloos-op-vakantie-ontbijt-in-de-natuur.jpg 479w, https:\/\/vakantie-meerlo-noord-limburg.nl\/wp-content\/uploads\/2026\/03\/Vakantie-Meerlo-zorgeloos-op-vakantie-ontbijt-in-de-natuur-400x284.jpg 480w\" sizes=\"(max-width:479px) 479px, 100vw\" \/><span class=\"et_overlay\" data-icon=\"\" data-icon-tablet=\"\" data-icon-phone=\"\"><\/span><\/a><\/div><\/div><div class=\"et_pb_gallery_item et_pb_grid_item et_pb_gallery_item_0_1\"><div class=\"et_pb_gallery_image landscape\" data-per_page=\"99\"><a href=\"https:\/\/vakantie-meerlo-noord-limburg.nl\/wp-content\/uploads\/2026\/03\/Vakantie-Meerlo-Vergaderen-teambuilding-buiten.jpg\" title=\"Vakantie Meerlo Vergaderen teambuilding buiten\"><img loading=\"lazy\" decoding=\"async\" width=\"400\" height=\"284\" src=\"https:\/\/vakantie-meerlo-noord-limburg.nl\/wp-content\/uploads\/2026\/03\/Vakantie-Meerlo-Vergaderen-teambuilding-buiten-400x284.jpg\" alt=\"\" class=\"wp-image-223833\" srcset=\"https:\/\/vakantie-meerlo-noord-limburg.nl\/wp-content\/uploads\/2026\/03\/Vakantie-Meerlo-Vergaderen-teambuilding-buiten.jpg 479w, https:\/\/vakantie-meerlo-noord-limburg.nl\/wp-content\/uploads\/2026\/03\/Vakantie-Meerlo-Vergaderen-teambuilding-buiten-400x284.jpg 480w\" sizes=\"(max-width:479px) 479px, 100vw\" \/><span class=\"et_overlay\" data-icon=\"\" data-icon-tablet=\"\" data-icon-phone=\"\"><\/span><\/a><\/div><\/div><div class=\"et_pb_gallery_item et_pb_grid_item et_pb_gallery_item_0_2\"><div class=\"et_pb_gallery_image landscape\" data-per_page=\"99\"><a href=\"https:\/\/vakantie-meerlo-noord-limburg.nl\/wp-content\/uploads\/2026\/03\/Vakantie-Meerlo-Vergaderen-presentatie-buiten.jpg\" title=\"Vakantie Meerlo Vergaderen presentatie buiten\"><img loading=\"lazy\" decoding=\"async\" width=\"400\" height=\"284\" src=\"https:\/\/vakantie-meerlo-noord-limburg.nl\/wp-content\/uploads\/2026\/03\/Vakantie-Meerlo-Vergaderen-presentatie-buiten-400x284.jpg\" alt=\"\" class=\"wp-image-223832\" srcset=\"https:\/\/vakantie-meerlo-noord-limburg.nl\/wp-content\/uploads\/2026\/03\/Vakantie-Meerlo-Vergaderen-presentatie-buiten.jpg 479w, https:\/\/vakantie-meerlo-noord-limburg.nl\/wp-content\/uploads\/2026\/03\/Vakantie-Meerlo-Vergaderen-presentatie-buiten-400x284.jpg 480w\" sizes=\"(max-width:479px) 479px, 100vw\" \/><span class=\"et_overlay\" data-icon=\"\" data-icon-tablet=\"\" data-icon-phone=\"\"><\/span><\/a><\/div><\/div><div class=\"et_pb_gallery_item et_pb_grid_item et_pb_gallery_item_0_3\"><div class=\"et_pb_gallery_image landscape\" data-per_page=\"99\"><a href=\"https:\/\/vakantie-meerlo-noord-limburg.nl\/wp-content\/uploads\/2026\/03\/Vakantie-Meerlo-Vergaderen-lunch-buiten.jpg\" title=\"Vakantie Meerlo Vergaderen lunch buiten\"><img loading=\"lazy\" decoding=\"async\" width=\"400\" height=\"284\" src=\"https:\/\/vakantie-meerlo-noord-limburg.nl\/wp-content\/uploads\/2026\/03\/Vakantie-Meerlo-Vergaderen-lunch-buiten-400x284.jpg\" alt=\"\" class=\"wp-image-223831\" srcset=\"https:\/\/vakantie-meerlo-noord-limburg.nl\/wp-content\/uploads\/2026\/03\/Vakantie-Meerlo-Vergaderen-lunch-buiten.jpg 479w, https:\/\/vakantie-meerlo-noord-limburg.nl\/wp-content\/uploads\/2026\/03\/Vakantie-Meerlo-Vergaderen-lunch-buiten-400x284.jpg 480w\" sizes=\"(max-width:479px) 479px, 100vw\" \/><span class=\"et_overlay\" data-icon=\"\" data-icon-tablet=\"\" data-icon-phone=\"\"><\/span><\/a><\/div><\/div><div class=\"et_pb_gallery_item et_pb_grid_item et_pb_gallery_item_0_4\"><div class=\"et_pb_gallery_image landscape\" data-per_page=\"99\"><a href=\"https:\/\/vakantie-meerlo-noord-limburg.nl\/wp-content\/uploads\/2026\/03\/Vakantie-Meerlo-Vergaderen-traditionele-opstelling.jpg\" title=\"Vakantie Meerlo Vergaderen traditionele opstelling\"><img loading=\"lazy\" decoding=\"async\" width=\"400\" height=\"284\" src=\"https:\/\/vakantie-meerlo-noord-limburg.nl\/wp-content\/uploads\/2026\/03\/Vakantie-Meerlo-Vergaderen-traditionele-opstelling-400x284.jpg\" alt=\"\" class=\"wp-image-223835\" srcset=\"https:\/\/vakantie-meerlo-noord-limburg.nl\/wp-content\/uploads\/2026\/03\/Vakantie-Meerlo-Vergaderen-traditionele-opstelling.jpg 479w, https:\/\/vakantie-meerlo-noord-limburg.nl\/wp-content\/uploads\/2026\/03\/Vakantie-Meerlo-Vergaderen-traditionele-opstelling-400x284.jpg 480w\" sizes=\"(max-width:479px) 479px, 100vw\" \/><span class=\"et_overlay\" data-icon=\"\" data-icon-tablet=\"\" data-icon-phone=\"\"><\/span><\/a><\/div><\/div><div class=\"et_pb_gallery_item et_pb_grid_item et_pb_gallery_item_0_5\"><div class=\"et_pb_gallery_image landscape\" data-per_page=\"99\"><a href=\"https:\/\/vakantie-meerlo-noord-limburg.nl\/wp-content\/uploads\/2026\/03\/Vakantie-Meerlo-Vergaderen-tot-24-personen.jpg\" title=\"Vakantie Meerlo Vergaderen tot 24 personen\"><img loading=\"lazy\" decoding=\"async\" width=\"400\" height=\"284\" src=\"https:\/\/vakantie-meerlo-noord-limburg.nl\/wp-content\/uploads\/2026\/03\/Vakantie-Meerlo-Vergaderen-tot-24-personen-400x284.jpg\" alt=\"\" class=\"wp-image-223834\" srcset=\"https:\/\/vakantie-meerlo-noord-limburg.nl\/wp-content\/uploads\/2026\/03\/Vakantie-Meerlo-Vergaderen-tot-24-personen.jpg 479w, https:\/\/vakantie-meerlo-noord-limburg.nl\/wp-content\/uploads\/2026\/03\/Vakantie-Meerlo-Vergaderen-tot-24-personen-400x284.jpg 480w\" sizes=\"(max-width:479px) 479px, 100vw\" \/><span class=\"et_overlay\" data-icon=\"\" data-icon-tablet=\"\" data-icon-phone=\"\"><\/span><\/a><\/div><\/div><div class=\"et_pb_gallery_item et_pb_grid_item et_pb_gallery_item_0_6\"><div class=\"et_pb_gallery_image landscape\" data-per_page=\"99\"><a href=\"https:\/\/vakantie-meerlo-noord-limburg.nl\/wp-content\/uploads\/2026\/03\/Vakantie-Meerlo-Vergaderen-kleine-opstelling.jpg\" title=\"Vakantie Meerlo Vergaderen kleine opstelling\"><img loading=\"lazy\" decoding=\"async\" width=\"400\" height=\"284\" src=\"https:\/\/vakantie-meerlo-noord-limburg.nl\/wp-content\/uploads\/2026\/03\/Vakantie-Meerlo-Vergaderen-kleine-opstelling-400x284.jpg\" alt=\"\" class=\"wp-image-223830\" srcset=\"https:\/\/vakantie-meerlo-noord-limburg.nl\/wp-content\/uploads\/2026\/03\/Vakantie-Meerlo-Vergaderen-kleine-opstelling.jpg 479w, https:\/\/vakantie-meerlo-noord-limburg.nl\/wp-content\/uploads\/2026\/03\/Vakantie-Meerlo-Vergaderen-kleine-opstelling-400x284.jpg 480w\" sizes=\"(max-width:479px) 479px, 100vw\" \/><span class=\"et_overlay\" data-icon=\"\" data-icon-tablet=\"\" data-icon-phone=\"\"><\/span><\/a><\/div><\/div><div class=\"et_pb_gallery_item et_pb_grid_item et_pb_gallery_item_0_7\"><div class=\"et_pb_gallery_image landscape\" data-per_page=\"99\"><a href=\"https:\/\/vakantie-meerlo-noord-limburg.nl\/wp-content\/uploads\/2026\/03\/Vakantie-Meerlo-Vergaderen-zakelijk-overnachten.jpg\" title=\"Vakantie Meerlo Vergaderen zakelijk overnachten\"><img loading=\"lazy\" decoding=\"async\" width=\"400\" height=\"284\" src=\"https:\/\/vakantie-meerlo-noord-limburg.nl\/wp-content\/uploads\/2026\/03\/Vakantie-Meerlo-Vergaderen-zakelijk-overnachten-400x284.jpg\" alt=\"\" class=\"wp-image-223838\" srcset=\"https:\/\/vakantie-meerlo-noord-limburg.nl\/wp-content\/uploads\/2026\/03\/Vakantie-Meerlo-Vergaderen-zakelijk-overnachten.jpg 479w, https:\/\/vakantie-meerlo-noord-limburg.nl\/wp-content\/uploads\/2026\/03\/Vakantie-Meerlo-Vergaderen-zakelijk-overnachten-400x284.jpg 480w\" sizes=\"(max-width:479px) 479px, 100vw\" \/><span class=\"et_overlay\" data-icon=\"\" data-icon-tablet=\"\" data-icon-phone=\"\"><\/span><\/a><\/div><\/div><\/div><\/div>\n<\/div>\n<\/div>\n\n<div class=\"et_pb_row_4 et_pb_row et_flex_row\">\n<div class=\"et_pb_column_8 et_pb_column et-last-child et_flex_column et_pb_css_mix_blend_mode_passthrough et_flex_column_24_24 et_flex_column_24_24_tablet et_flex_column_24_24_phone\">\n<div class=\"et_pb_text_6 et_pb_text et_pb_bg_layout_light et_pb_module et_flex_module\"><div class=\"et_pb_text_inner\"><p>Die Tagungsr\u00e4ume von Vakantie Meerlo befinden sich in Meerlo (Nord-Limburg), etwa 10 Autominuten von Horst und Venray sowie 20 Autominuten von Venlo entfernt. Der Flughafen D\u00fcsseldorf (Weeze) ist 20 Autominuten von dieser Unterkunft entfernt. Die vielen sch\u00f6nen Wander- und Radfahrgebiete Maaspark Noord Limburg, der Nationalpark Maasduinen und De Schaakse Bossen sind von diesem Standort aus in 15 bis 20 Autominuten zu erreichen.<\/p>\n<\/div><\/div>\n<\/div>\n<\/div>\n<\/div>","protected":false},"excerpt":{"rendered":"","protected":false},"author":1,"featured_media":0,"parent":222988,"menu_order":0,"comment_status":"closed","ping_status":"closed","template":"","meta":{"_acf_changed":false,"footnotes":""},"class_list":["post-223348","page","type-page","status-publish","hentry"],"acf":[],"yoast_head":"<!-- This site is optimized with the Yoast SEO plugin v27.2 - https:\/\/yoast.com\/product\/yoast-seo-wordpress\/ -->\n<title>Vergaderen - Vakantie Meerlo Noord Limburg<\/title>\n<meta name=\"description\" content=\"De vergader-accommodatie van Vakantie Meerlo ligt in Meerlo, op ongeveer 10 minuten van Horst en Venray en 20 minuten vanaf Venlo.\" \/>\n<meta name=\"robots\" content=\"index, follow, max-snippet:-1, max-image-preview:large, max-video-preview:-1\" \/>\n<link rel=\"canonical\" href=\"https:\/\/vakantie-meerlo-noord-limburg.nl\/de\/zakelijk-en-feesten\/vergaderen\/\" \/>\n<meta property=\"og:locale\" content=\"de_DE\" \/>\n<meta property=\"og:type\" content=\"article\" \/>\n<meta property=\"og:title\" content=\"Vergaderen - Vakantie Meerlo Noord Limburg\" \/>\n<meta property=\"og:description\" content=\"De vergader-accommodatie van Vakantie Meerlo ligt in Meerlo, op ongeveer 10 minuten van Horst en Venray en 20 minuten vanaf Venlo.\" \/>\n<meta property=\"og:url\" content=\"https:\/\/vakantie-meerlo-noord-limburg.nl\/de\/zakelijk-en-feesten\/vergaderen\/\" \/>\n<meta property=\"og:site_name\" content=\"Vakantie Meerlo Noord Limburg\" \/>\n<meta property=\"article:modified_time\" content=\"2026-04-01T19:57:03+00:00\" \/>\n<meta name=\"twitter:card\" content=\"summary_large_image\" \/>\n<script type=\"application\/ld+json\" class=\"yoast-schema-graph\">{\"@context\":\"https:\/\/schema.org\",\"@graph\":[{\"@type\":\"WebPage\",\"@id\":\"https:\/\/vakantie-meerlo-noord-limburg.nl\/zakelijk-en-feesten\/vergaderen\/\",\"url\":\"https:\/\/vakantie-meerlo-noord-limburg.nl\/zakelijk-en-feesten\/vergaderen\/\",\"name\":\"Vergaderen - Vakantie Meerlo Noord Limburg\",\"isPartOf\":{\"@id\":\"https:\/\/vakantie-meerlo-noord-limburg.nl\/#website\"},\"datePublished\":\"2026-03-11T12:06:49+00:00\",\"dateModified\":\"2026-04-01T19:57:03+00:00\",\"description\":\"De vergader-accommodatie van Vakantie Meerlo ligt in Meerlo, op ongeveer 10 minuten van Horst en Venray en 20 minuten vanaf Venlo.\",\"breadcrumb\":{\"@id\":\"https:\/\/vakantie-meerlo-noord-limburg.nl\/zakelijk-en-feesten\/vergaderen\/#breadcrumb\"},\"inLanguage\":\"de\",\"potentialAction\":[{\"@type\":\"ReadAction\",\"target\":[\"https:\/\/vakantie-meerlo-noord-limburg.nl\/zakelijk-en-feesten\/vergaderen\/\"]}]},{\"@type\":\"BreadcrumbList\",\"@id\":\"https:\/\/vakantie-meerlo-noord-limburg.nl\/zakelijk-en-feesten\/vergaderen\/#breadcrumb\",\"itemListElement\":[{\"@type\":\"ListItem\",\"position\":1,\"name\":\"Home\",\"item\":\"https:\/\/vakantie-meerlo-noord-limburg.nl\/\"},{\"@type\":\"ListItem\",\"position\":2,\"name\":\"Zakelijk en feesten\",\"item\":\"https:\/\/vakantie-meerlo-noord-limburg.nl\/zakelijk-en-feesten\/\"},{\"@type\":\"ListItem\",\"position\":3,\"name\":\"Vergaderen\"}]},{\"@type\":\"WebSite\",\"@id\":\"https:\/\/vakantie-meerlo-noord-limburg.nl\/#website\",\"url\":\"https:\/\/vakantie-meerlo-noord-limburg.nl\/\",\"name\":\"Vakantie Meerlo Noord Limburg\",\"description\":\"Jouw ideale bestemming voor rust, ruimte en veelzijdige groepsvakanties\",\"potentialAction\":[{\"@type\":\"SearchAction\",\"target\":{\"@type\":\"EntryPoint\",\"urlTemplate\":\"https:\/\/vakantie-meerlo-noord-limburg.nl\/?s={search_term_string}\"},\"query-input\":{\"@type\":\"PropertyValueSpecification\",\"valueRequired\":true,\"valueName\":\"search_term_string\"}}],\"inLanguage\":\"de\"}]}<\/script>\n<!-- \/ Yoast SEO plugin. -->","yoast_head_json":{"title":"Vergaderen - Vakantie Meerlo Noord Limburg","description":"De vergader-accommodatie van Vakantie Meerlo ligt in Meerlo, op ongeveer 10 minuten van Horst en Venray en 20 minuten vanaf Venlo.","robots":{"index":"index","follow":"follow","max-snippet":"max-snippet:-1","max-image-preview":"max-image-preview:large","max-video-preview":"max-video-preview:-1"},"canonical":"https:\/\/vakantie-meerlo-noord-limburg.nl\/de\/zakelijk-en-feesten\/vergaderen\/","og_locale":"de_DE","og_type":"article","og_title":"Vergaderen - Vakantie Meerlo Noord Limburg","og_description":"De vergader-accommodatie van Vakantie Meerlo ligt in Meerlo, op ongeveer 10 minuten van Horst en Venray en 20 minuten vanaf Venlo.","og_url":"https:\/\/vakantie-meerlo-noord-limburg.nl\/de\/zakelijk-en-feesten\/vergaderen\/","og_site_name":"Vakantie Meerlo Noord Limburg","article_modified_time":"2026-04-01T19:57:03+00:00","twitter_card":"summary_large_image","schema":{"@context":"https:\/\/schema.org","@graph":[{"@type":"WebPage","@id":"https:\/\/vakantie-meerlo-noord-limburg.nl\/zakelijk-en-feesten\/vergaderen\/","url":"https:\/\/vakantie-meerlo-noord-limburg.nl\/zakelijk-en-feesten\/vergaderen\/","name":"Vergaderen - Vakantie Meerlo Noord Limburg","isPartOf":{"@id":"https:\/\/vakantie-meerlo-noord-limburg.nl\/#website"},"datePublished":"2026-03-11T12:06:49+00:00","dateModified":"2026-04-01T19:57:03+00:00","description":"De vergader-accommodatie van Vakantie Meerlo ligt in Meerlo, op ongeveer 10 minuten van Horst en Venray en 20 minuten vanaf Venlo.","breadcrumb":{"@id":"https:\/\/vakantie-meerlo-noord-limburg.nl\/zakelijk-en-feesten\/vergaderen\/#breadcrumb"},"inLanguage":"de","potentialAction":[{"@type":"ReadAction","target":["https:\/\/vakantie-meerlo-noord-limburg.nl\/zakelijk-en-feesten\/vergaderen\/"]}]},{"@type":"BreadcrumbList","@id":"https:\/\/vakantie-meerlo-noord-limburg.nl\/zakelijk-en-feesten\/vergaderen\/#breadcrumb","itemListElement":[{"@type":"ListItem","position":1,"name":"Home","item":"https:\/\/vakantie-meerlo-noord-limburg.nl\/"},{"@type":"ListItem","position":2,"name":"Zakelijk en feesten","item":"https:\/\/vakantie-meerlo-noord-limburg.nl\/zakelijk-en-feesten\/"},{"@type":"ListItem","position":3,"name":"Vergaderen"}]},{"@type":"WebSite","@id":"https:\/\/vakantie-meerlo-noord-limburg.nl\/#website","url":"https:\/\/vakantie-meerlo-noord-limburg.nl\/","name":"Vakantie Meerlo Noord Limburg","description":"Jouw ideale bestemming voor rust, ruimte en veelzijdige groepsvakanties","potentialAction":[{"@type":"SearchAction","target":{"@type":"EntryPoint","urlTemplate":"https:\/\/vakantie-meerlo-noord-limburg.nl\/?s={search_term_string}"},"query-input":{"@type":"PropertyValueSpecification","valueRequired":true,"valueName":"search_term_string"}}],"inLanguage":"de"}]}},"publishpress_future_action":{"enabled":false,"date":"2026-05-09 12:25:42","action":"change-status","newStatus":"draft","terms":[],"taxonomy":"","extraData":[]},"publishpress_future_workflow_manual_trigger":{"enabledWorkflows":[]},"_links":{"self":[{"href":"https:\/\/vakantie-meerlo-noord-limburg.nl\/de\/wp-json\/wp\/v2\/pages\/223348","targetHints":{"allow":["GET"]}}],"collection":[{"href":"https:\/\/vakantie-meerlo-noord-limburg.nl\/de\/wp-json\/wp\/v2\/pages"}],"about":[{"href":"https:\/\/vakantie-meerlo-noord-limburg.nl\/de\/wp-json\/wp\/v2\/types\/page"}],"author":[{"embeddable":true,"href":"https:\/\/vakantie-meerlo-noord-limburg.nl\/de\/wp-json\/wp\/v2\/users\/1"}],"replies":[{"embeddable":true,"href":"https:\/\/vakantie-meerlo-noord-limburg.nl\/de\/wp-json\/wp\/v2\/comments?post=223348"}],"version-history":[{"count":8,"href":"https:\/\/vakantie-meerlo-noord-limburg.nl\/de\/wp-json\/wp\/v2\/pages\/223348\/revisions"}],"predecessor-version":[{"id":223960,"href":"https:\/\/vakantie-meerlo-noord-limburg.nl\/de\/wp-json\/wp\/v2\/pages\/223348\/revisions\/223960"}],"up":[{"embeddable":true,"href":"https:\/\/vakantie-meerlo-noord-limburg.nl\/de\/wp-json\/wp\/v2\/pages\/222988"}],"wp:attachment":[{"href":"https:\/\/vakantie-meerlo-noord-limburg.nl\/de\/wp-json\/wp\/v2\/media?parent=223348"}],"curies":[{"name":"wp","href":"https:\/\/api.w.org\/{rel}","templated":true}]}}