{"id":223357,"date":"2026-03-11T13:11:19","date_gmt":"2026-03-11T12:11:19","guid":{"rendered":"https:\/\/vakantie-meerlo-noord-limburg.nl\/?page_id=223357"},"modified":"2026-04-02T11:24:21","modified_gmt":"2026-04-02T09:24:21","slug":"zakelijk-verblijf","status":"publish","type":"page","link":"https:\/\/vakantie-meerlo-noord-limburg.nl\/fr\/zakelijk-en-feesten\/zakelijk-verblijf\/","title":{"rendered":"S\u00e9jour d'affaires"},"content":{"rendered":"<div class=\"et_pb_section_0 et_pb_section et_section_regular et_flex_section\">\n<div class=\"et_pb_row_0 et_pb_row et_flex_row\">\n<div class=\"et_pb_column_0 et_pb_column et-last-child et_flex_column et_pb_css_mix_blend_mode_passthrough et_flex_column_24_24 et_flex_column_24_24_tablet et_flex_column_24_24_phone\">\n<div class=\"et_pb_text_0 et_pb_text et_pb_bg_layout_light et_pb_module et_flex_module\"><div class=\"et_pb_text_inner\"><h1>S\u00e9jour d'affaires<\/h1>\n<\/div><\/div>\n<\/div>\n<\/div>\n<\/div>\n\n<div class=\"et_pb_section_1 et_pb_section et_section_regular et_flex_section\">\n<div class=\"et_pb_row_1 et_pb_row et_flex_row\">\n<div class=\"et_pb_column_1 et_pb_column et_flex_column et_pb_css_mix_blend_mode_passthrough et_flex_column_24_24 et_flex_column_24_24_tablet et_flex_column_24_24_phone\">\n<div class=\"et_pb_image_0 et_pb_image et_pb_module et_flex_module\"><span class=\"et_pb_image_wrap\"><img loading=\"lazy\" decoding=\"async\" src=\"https:\/\/vakantie-meerlo-noord-limburg.nl\/wp-content\/uploads\/2026\/04\/Vakantie-Meerlo-Hotel-zakelijk-Receptie.jpg\" title=\"Vakantie Meerlo-Hotel zakelijk Receptie\" width=\"600\" height=\"400\" srcset=\"https:\/\/vakantie-meerlo-noord-limburg.nl\/wp-content\/uploads\/2026\/04\/Vakantie-Meerlo-Hotel-zakelijk-Receptie.jpg 600w, https:\/\/vakantie-meerlo-noord-limburg.nl\/wp-content\/uploads\/2026\/04\/Vakantie-Meerlo-Hotel-zakelijk-Receptie-480x320.jpg 480w\" sizes=\"(min-width: 0px) and (max-width: 480px) 480px, (min-width: 481px) 600px, 100vw\" class=\"wp-image-223971\" \/><\/span><\/div>\n\n<div class=\"et_pb_module et_pb_button_module_wrapper et_pb_button_0_wrapper\"><a class=\"et_pb_button_0 et_pb_button et_pb_bg_layout_light et_pb_module et_flex_module\" href=\"\/fr\/hotel\/\">R\u00e9servez d\u00e8s maintenant<\/a><\/div>\n<\/div>\n\n<div class=\"et_pb_column_2 et_pb_column et-last-child et_flex_column et_pb_css_mix_blend_mode_passthrough et_flex_column_24_24 et_flex_column_24_24_tablet et_flex_column_24_24_phone\">\n<div class=\"et_pb_text_1 et_pb_text et_pb_bg_layout_light et_pb_module et_flex_module\"><div class=\"et_pb_text_inner\"><h2>Votre s\u00e9jour d'affaires chez Vakantie Meerlo<\/h2>\n<p>Si vous s\u00e9journez temporairement \u00e0 Venray, Horst aan de Maas ou Venlo pour raisons professionnelles, vous \u00eates \u00e0 la bonne adresse pour passer la nuit. Vous recherchez plusieurs chambres pour votre entreprise, que ce soit pour un s\u00e9jour de longue dur\u00e9e ou r\u00e9gulier ? N'h\u00e9sitez pas \u00e0 nous contacter. Nous nous ferons un plaisir de vous proposer un devis sur mesure, sans engagement.\n\nSi vous ne recherchez qu'une seule chambre, utilisez le bouton \u00ab R\u00e9server maintenant \u00bb.<\/p>\n<p>Bent u slechts op zoek naar \u00e9\u00e9n kamer, gebruik dan de <span style=\"color: #003300;\"><strong>&#8220;boek nu&#8221;<\/strong><\/span> knop.<\/p>\n<p>&nbsp;<\/p>\n<p>Vergaderen? <a href=\"\/fr\/zakelijk-en-feesten\/vergaderen\/\">Kijk hier voor de mogelijkheden<\/a>.<\/p>\n<\/div><\/div>\n\n<div class=\"et_pb_image_1 et_pb_image et_animated et_pb_module et_flex_module\"><a href=\"\/fr\/call-me-back\/\"><span class=\"et_pb_image_wrap\"><img loading=\"lazy\" decoding=\"async\" src=\"https:\/\/vakantie-meerlo-noord-limburg.nl\/wp-content\/uploads\/2026\/03\/StelUwVraag.png\" title=\"StelUwVraag\" width=\"300\" height=\"300\" srcset=\"https:\/\/vakantie-meerlo-noord-limburg.nl\/wp-content\/uploads\/2026\/03\/StelUwVraag.png 300w, https:\/\/vakantie-meerlo-noord-limburg.nl\/wp-content\/uploads\/2026\/03\/StelUwVraag-150x150.png 150w, https:\/\/vakantie-meerlo-noord-limburg.nl\/wp-content\/uploads\/2026\/03\/StelUwVraag-12x12.png 12w\" sizes=\"(max-width: 300px) 100vw, 300px\" class=\"wp-image-223354\" \/><\/span><\/a><\/div>\n<\/div>\n<\/div>\n\n<div class=\"et_pb_row_2 et_pb_row et_flex_row\">\n<div class=\"et_pb_column_3 et_pb_column et-last-child et_flex_column et_pb_css_mix_blend_mode_passthrough et_flex_column_24_24 et_flex_column_24_24_tablet et_flex_column_24_24_phone\">\n<div class=\"et_pb_text_2 et_pb_text et_pb_bg_layout_light et_pb_module et_flex_module\"><div class=\"et_pb_text_inner\"><h2>Votre zone d'intervention pr\u00e8s de Vakantie Meerlo<\/h2>\n<p>Vakantie Meerlo se trouve dans le nord du Limbourg (Limbourg-Nord),<\/p>\n<p><span style=\"color: #003300;\"><strong>Les zones industrielles de Venray,<\/strong><\/span>,<br \/>De Blakt, Smakterheid et Keizersveld ne se trouvent qu'\u00e0 8-10 km de l'h\u00f4tel Vakantie Meerlo.<\/p>\n<p><span style=\"color: #003300;\"><strong>Les zones industrielles de Horst aan de Maas,<\/strong><\/span> <br \/>De Asdonck, Hoogveld<span jsaction=\"rcuQ6b:&amp;B7q7gd_i|npT2md\" jscontroller=\"CCvEPd\" data-sfc-root=\"c\" jsuid=\"B7q7gd_i\" data-wiz-uids=\"B7q7gd_j\" data-sfc-cb=\"\" data-processed=\"true\" data-copy-service-computed-style=\"font-family: &quot;Google Sans&quot;, Arial, sans-serif; font-size: 16px; font-weight: 500; margin: 0px; text-decoration: none; border-bottom: 0px none rgb(0, 29, 53);\"><!--TgQPHd|[]--><\/span>et le Trade Port Noord, \u00e0 Sevenum, se trouvent \u00e0 environ 10 \u00e0 12 minutes en voiture de l'h\u00f4tel Vakantie Meerlo.<\/p>\n<p><span style=\"color: #003300;\"><strong>Les zones industrielles de Venlo Ouest, Venlo et Venlo Sud<\/strong> <br \/><\/span>\u00c0 17-25 minutes en voiture de l'h\u00f4tel Vakantie Meerlo.<\/p>\n<p>L'h\u00f4tel Vakantie Meerlo est facilement accessible en transports en commun (ligne 88). L'a\u00e9roport de D\u00fcsseldorf (Weeze) se trouve \u00e0 20 minutes en voiture de cet \u00e9tablissement. Renseignez-vous \u00e9galement sur les possibilit\u00e9s de service de navette.<\/p>\n<\/div><\/div>\n<\/div>\n<\/div>\n\n<div class=\"et_pb_row_3 et_pb_row et_flex_row\">\n<div class=\"et_pb_column_4 et_pb_column et_flex_column et_pb_css_mix_blend_mode_passthrough et_flex_column_6_24 et_flex_column_12_24_tablet et_flex_column_24_24_phone\">\n<div class=\"et_pb_text_3 et_pb_text et_pb_bg_layout_light et_pb_module et_flex_module\"><div class=\"et_pb_text_inner\"><h2><span style=\"color: #003300;\"><strong>\u00c9quipements<\/strong><\/span><\/h2>\n<ul>\n<li><span style=\"color: #333333;\">Gratis parkeergelenheid\u00a0<\/span><\/li>\n<li><span style=\"color: #333333;\">Borne de recharge disponible<\/span><\/li>\n<li><span style=\"color: #333333;\">OV voor de deur (lijn 88)<\/span><span style=\"color: #333333;\"><\/span><\/li>\n<li><span style=\"color: #333333;\">Aparte parkeerplek voor materiaalbus (op aanvraag)<\/span><\/li>\n<\/ul>\n<\/div><\/div>\n<\/div>\n\n<div class=\"et_pb_column_5 et_pb_column et_flex_column et_pb_css_mix_blend_mode_passthrough et_flex_column_6_24 et_flex_column_12_24_tablet et_flex_column_24_24_phone\">\n<div class=\"et_pb_text_4 et_pb_text et_pb_bg_layout_light et_pb_module et_flex_module\"><div class=\"et_pb_text_inner\"><p>\u00a0<\/p>\n<ul>\n<li>Drankvoorzienig<\/li>\n<li>Dagmenu (24 uur vooraf reserveren<\/li>\n<li>Ontbijt (pakket)<\/li>\n<li>Lunchpakket<\/li>\n<\/ul>\n<\/div><\/div>\n<\/div>\n\n<div class=\"et_pb_column_6 et_pb_column et_flex_column et_pb_css_mix_blend_mode_passthrough et_flex_column_6_24 et_flex_column_12_24_tablet et_flex_column_24_24_phone\">\n<div class=\"et_pb_text_5 et_pb_text et_pb_bg_layout_light et_pb_module et_flex_module\"><div class=\"et_pb_text_inner\"><p>&nbsp;<\/p>\n<ul>\n<li>Wi-Fi<\/li>\n<li>Kopie\u00ebermogelijkheid<\/li>\n<\/ul>\n<\/div><\/div>\n<\/div>\n\n<div class=\"et_pb_column_7 et_pb_column et-last-child et_flex_column et_pb_css_mix_blend_mode_passthrough et_flex_column_6_24 et_flex_column_12_24_tablet et_flex_column_24_24_phone\">\n<div class=\"et_pb_text_6 et_pb_text et_pb_bg_layout_light et_pb_module et_flex_module\"><\/div>\n\n<div class=\"et_pb_text_7 et_pb_text et_pb_bg_layout_light et_pb_module et_flex_module\"><div class=\"et_pb_text_inner\"><ul>\n<li>Betalen: PIN, MAESTRO, VISA, Mastercard, Bankcontact<\/li>\n<\/ul>\n<p>\u00a0<\/p>\n<\/div><\/div>\n<\/div>\n<\/div>\n\n<div class=\"et_pb_row_4 et_pb_row et_flex_row\">\n<div class=\"et_pb_column_8 et_pb_column et-last-child et_flex_column et_pb_css_mix_blend_mode_passthrough et_flex_column_24_24 et_flex_column_24_24_tablet et_flex_column_24_24_phone\">\n<div class=\"et_pb_gallery_0 et_pb_gallery et_pb_bg_layout_light et_pb_gallery_grid et_pb_module\" data-auto-rotate=\"off\" data-auto-rotate-speed=\"\"><div class=\"et_pb_gallery_items et_post_gallery clearfix et_grid_module\" data-per_page=\"99\"><div class=\"et_pb_gallery_item et_pb_grid_item et_pb_gallery_item_0_0\"><div class=\"et_pb_gallery_image landscape\" data-per_page=\"99\"><a href=\"https:\/\/vakantie-meerlo-noord-limburg.nl\/wp-content\/uploads\/2026\/03\/Vakantie_Meerlo_Zakelijk_Verblijf.jpg\" title=\"Vakantie_Meerlo_Zakelijk_Verblijf\"><img loading=\"lazy\" decoding=\"async\" width=\"400\" height=\"284\" src=\"https:\/\/vakantie-meerlo-noord-limburg.nl\/wp-content\/uploads\/2026\/03\/Vakantie_Meerlo_Zakelijk_Verblijf-400x284.jpg\" alt=\"\" class=\"wp-image-223945\" srcset=\"https:\/\/vakantie-meerlo-noord-limburg.nl\/wp-content\/uploads\/2026\/03\/Vakantie_Meerlo_Zakelijk_Verblijf.jpg 479w, https:\/\/vakantie-meerlo-noord-limburg.nl\/wp-content\/uploads\/2026\/03\/Vakantie_Meerlo_Zakelijk_Verblijf-400x284.jpg 480w\" sizes=\"(max-width:479px) 479px, 100vw\" \/><span class=\"et_overlay\" data-icon=\"\" data-icon-tablet=\"\" data-icon-phone=\"\"><\/span><\/a><\/div><\/div><div class=\"et_pb_gallery_item et_pb_grid_item et_pb_gallery_item_0_1\"><div class=\"et_pb_gallery_image landscape\" data-per_page=\"99\"><a href=\"https:\/\/vakantie-meerlo-noord-limburg.nl\/wp-content\/uploads\/2026\/04\/Vakantie-Meerlo-Hotel-zakelijk-overnachten-toegankelijk-scaled.jpg\" title=\"Vakantie Meerlo Hotel zakelijk overnachten toegankelijk\"><img loading=\"lazy\" decoding=\"async\" width=\"2560\" height=\"1707\" src=\"https:\/\/vakantie-meerlo-noord-limburg.nl\/wp-content\/uploads\/2026\/04\/Vakantie-Meerlo-Hotel-zakelijk-overnachten-toegankelijk-scaled.jpg\" alt=\"\" class=\"wp-image-223969\" srcset=\"https:\/\/vakantie-meerlo-noord-limburg.nl\/wp-content\/uploads\/2026\/04\/Vakantie-Meerlo-Hotel-zakelijk-overnachten-toegankelijk-scaled.jpg 479w, https:\/\/vakantie-meerlo-noord-limburg.nl\/wp-content\/uploads\/2026\/04\/Vakantie-Meerlo-Hotel-zakelijk-overnachten-toegankelijk-scaled.jpg 480w\" sizes=\"(max-width:479px) 479px, 100vw\" \/><span class=\"et_overlay\" data-icon=\"\" data-icon-tablet=\"\" data-icon-phone=\"\"><\/span><\/a><\/div><\/div><div class=\"et_pb_gallery_item et_pb_grid_item et_pb_gallery_item_0_2\"><div class=\"et_pb_gallery_image landscape\" data-per_page=\"99\"><a href=\"https:\/\/vakantie-meerlo-noord-limburg.nl\/wp-content\/uploads\/2026\/04\/Vakantie-Meerlo-Hotel-zakelijk-overnachten-eenpersoons-kamer-scaled.jpg\" title=\"Vakantie Meerlo Hotel zakelijk overnachten eenpersoons kamer\"><img loading=\"lazy\" decoding=\"async\" width=\"2560\" height=\"1707\" src=\"https:\/\/vakantie-meerlo-noord-limburg.nl\/wp-content\/uploads\/2026\/04\/Vakantie-Meerlo-Hotel-zakelijk-overnachten-eenpersoons-kamer-scaled.jpg\" alt=\"\" class=\"wp-image-223964\" srcset=\"https:\/\/vakantie-meerlo-noord-limburg.nl\/wp-content\/uploads\/2026\/04\/Vakantie-Meerlo-Hotel-zakelijk-overnachten-eenpersoons-kamer-scaled.jpg 479w, https:\/\/vakantie-meerlo-noord-limburg.nl\/wp-content\/uploads\/2026\/04\/Vakantie-Meerlo-Hotel-zakelijk-overnachten-eenpersoons-kamer-scaled.jpg 480w\" sizes=\"(max-width:479px) 479px, 100vw\" \/><span class=\"et_overlay\" data-icon=\"\" data-icon-tablet=\"\" data-icon-phone=\"\"><\/span><\/a><\/div><\/div><div class=\"et_pb_gallery_item et_pb_grid_item et_pb_gallery_item_0_3\"><div class=\"et_pb_gallery_image landscape\" data-per_page=\"99\"><a href=\"https:\/\/vakantie-meerlo-noord-limburg.nl\/wp-content\/uploads\/2026\/04\/Vakantie-Meerlo-Hotel-zakelijk-werkplek-scaled.jpg\" title=\"Vakantie Meerlo Hotel zakelijk werkplek\"><img loading=\"lazy\" decoding=\"async\" width=\"2560\" height=\"1707\" src=\"https:\/\/vakantie-meerlo-noord-limburg.nl\/wp-content\/uploads\/2026\/04\/Vakantie-Meerlo-Hotel-zakelijk-werkplek-scaled.jpg\" alt=\"\" class=\"wp-image-223966\" srcset=\"https:\/\/vakantie-meerlo-noord-limburg.nl\/wp-content\/uploads\/2026\/04\/Vakantie-Meerlo-Hotel-zakelijk-werkplek-scaled.jpg 479w, https:\/\/vakantie-meerlo-noord-limburg.nl\/wp-content\/uploads\/2026\/04\/Vakantie-Meerlo-Hotel-zakelijk-werkplek-scaled.jpg 480w\" sizes=\"(max-width:479px) 479px, 100vw\" \/><span class=\"et_overlay\" data-icon=\"\" data-icon-tablet=\"\" data-icon-phone=\"\"><\/span><\/a><\/div><\/div><div class=\"et_pb_gallery_item et_pb_grid_item et_pb_gallery_item_0_4\"><div class=\"et_pb_gallery_image landscape\" data-per_page=\"99\"><a href=\"https:\/\/vakantie-meerlo-noord-limburg.nl\/wp-content\/uploads\/2026\/04\/Vakantie-Meerlo-Hotel-zakelijk-overnachten-eenpersoons-bedden-scaled.jpg\" title=\"\u00a9 paul poels fotografie\"><img loading=\"lazy\" decoding=\"async\" width=\"2560\" height=\"1712\" src=\"https:\/\/vakantie-meerlo-noord-limburg.nl\/wp-content\/uploads\/2026\/04\/Vakantie-Meerlo-Hotel-zakelijk-overnachten-eenpersoons-bedden-scaled.jpg\" alt=\"\" class=\"wp-image-223962\" srcset=\"https:\/\/vakantie-meerlo-noord-limburg.nl\/wp-content\/uploads\/2026\/04\/Vakantie-Meerlo-Hotel-zakelijk-overnachten-eenpersoons-bedden-scaled.jpg 479w, https:\/\/vakantie-meerlo-noord-limburg.nl\/wp-content\/uploads\/2026\/04\/Vakantie-Meerlo-Hotel-zakelijk-overnachten-eenpersoons-bedden-scaled.jpg 480w\" sizes=\"(max-width:479px) 479px, 100vw\" \/><span class=\"et_overlay\" data-icon=\"\" data-icon-tablet=\"\" data-icon-phone=\"\"><\/span><\/a><\/div><\/div><div class=\"et_pb_gallery_item et_pb_grid_item et_pb_gallery_item_0_5\"><div class=\"et_pb_gallery_image landscape\" data-per_page=\"99\"><a href=\"https:\/\/vakantie-meerlo-noord-limburg.nl\/wp-content\/uploads\/2026\/04\/Vakantie-Meerlo-Hotel-zakelijk-overnachten-zithoek-scaled.jpg\" title=\"\u00a9 paul poels fotografie\"><img loading=\"lazy\" decoding=\"async\" width=\"2560\" height=\"1710\" src=\"https:\/\/vakantie-meerlo-noord-limburg.nl\/wp-content\/uploads\/2026\/04\/Vakantie-Meerlo-Hotel-zakelijk-overnachten-zithoek-scaled.jpg\" alt=\"\" class=\"wp-image-223963\" srcset=\"https:\/\/vakantie-meerlo-noord-limburg.nl\/wp-content\/uploads\/2026\/04\/Vakantie-Meerlo-Hotel-zakelijk-overnachten-zithoek-scaled.jpg 479w, https:\/\/vakantie-meerlo-noord-limburg.nl\/wp-content\/uploads\/2026\/04\/Vakantie-Meerlo-Hotel-zakelijk-overnachten-zithoek-scaled.jpg 480w\" sizes=\"(max-width:479px) 479px, 100vw\" \/><span class=\"et_overlay\" data-icon=\"\" data-icon-tablet=\"\" data-icon-phone=\"\"><\/span><\/a><\/div><\/div><div class=\"et_pb_gallery_item et_pb_grid_item et_pb_gallery_item_0_6\"><div class=\"et_pb_gallery_image landscape\" data-per_page=\"99\"><a href=\"https:\/\/vakantie-meerlo-noord-limburg.nl\/wp-content\/uploads\/2026\/04\/Vakantie-Meerlo-Hotel-zakelijk-buiten-werkplek-scaled.jpg\" title=\"Vakantie Meerlo Hotel zakelijk buiten werkplek\"><img loading=\"lazy\" decoding=\"async\" width=\"2560\" height=\"1707\" src=\"https:\/\/vakantie-meerlo-noord-limburg.nl\/wp-content\/uploads\/2026\/04\/Vakantie-Meerlo-Hotel-zakelijk-buiten-werkplek-scaled.jpg\" alt=\"\" class=\"wp-image-223967\" srcset=\"https:\/\/vakantie-meerlo-noord-limburg.nl\/wp-content\/uploads\/2026\/04\/Vakantie-Meerlo-Hotel-zakelijk-buiten-werkplek-scaled.jpg 479w, https:\/\/vakantie-meerlo-noord-limburg.nl\/wp-content\/uploads\/2026\/04\/Vakantie-Meerlo-Hotel-zakelijk-buiten-werkplek-scaled.jpg 480w\" sizes=\"(max-width:479px) 479px, 100vw\" \/><span class=\"et_overlay\" data-icon=\"\" data-icon-tablet=\"\" data-icon-phone=\"\"><\/span><\/a><\/div><\/div><div class=\"et_pb_gallery_item et_pb_grid_item et_pb_gallery_item_0_7\"><div class=\"et_pb_gallery_image landscape\" data-per_page=\"99\"><a href=\"https:\/\/vakantie-meerlo-noord-limburg.nl\/wp-content\/uploads\/2026\/04\/Vakantie-Meerlo-Hotel-zakelijk-overnachten-terras-scaled.jpg\" title=\"Vakantie Meerlo Hotel zakelijk overnachten terras\"><img loading=\"lazy\" decoding=\"async\" width=\"2560\" height=\"1707\" src=\"https:\/\/vakantie-meerlo-noord-limburg.nl\/wp-content\/uploads\/2026\/04\/Vakantie-Meerlo-Hotel-zakelijk-overnachten-terras-scaled.jpg\" alt=\"\" class=\"wp-image-223965\" srcset=\"https:\/\/vakantie-meerlo-noord-limburg.nl\/wp-content\/uploads\/2026\/04\/Vakantie-Meerlo-Hotel-zakelijk-overnachten-terras-scaled.jpg 479w, https:\/\/vakantie-meerlo-noord-limburg.nl\/wp-content\/uploads\/2026\/04\/Vakantie-Meerlo-Hotel-zakelijk-overnachten-terras-scaled.jpg 480w\" sizes=\"(max-width:479px) 479px, 100vw\" \/><span class=\"et_overlay\" data-icon=\"\" data-icon-tablet=\"\" data-icon-phone=\"\"><\/span><\/a><\/div><\/div><\/div><\/div>\n<\/div>\n<\/div>\n\n<div class=\"et_pb_row_5 et_pb_row et_flex_row\">\n<div class=\"et_pb_column_9 et_pb_column et-last-child et_flex_column et_pb_css_mix_blend_mode_passthrough et_flex_column_24_24 et_flex_column_24_24_tablet et_flex_column_24_24_phone\">\n<div class=\"et_pb_text_8 et_pb_text et_pb_bg_layout_light et_pb_module et_flex_module\"><div class=\"et_pb_text_inner\"><p>L'h\u00f4tel Vakantie Meerlo est situ\u00e9 \u00e0 Meerlo (Limbourg du Nord), \u00e0 environ 10 minutes en voiture de Horst et Venray et \u00e0 20 minutes en voiture de Venlo. L'a\u00e9roport de D\u00fcsseldorf (Weeze) se trouve \u00e0 20 minutes en voiture de cet \u00e9tablissement. Les nombreux sites de randonn\u00e9e p\u00e9destre et cycliste que sont le Maaspark Noord Limburg, le parc national Maasduinen et les Schaakse Bossen se trouvent \u00e0 une distance de 15 \u00e0 20 minutes en voiture de cet \u00e9tablissement.<\/p>\n<\/div><\/div>\n\n<div class=\"et_pb_text_9 et_pb_text et_pb_bg_layout_light et_pb_module et_flex_module\"><div class=\"et_pb_text_inner\"><h2>Les entreprises et organisations qui vous ont pr\u00e9c\u00e9d\u00e9<\/h2>\n<\/div><\/div>\n<\/div>\n<\/div>\n\n<div class=\"et_pb_row_6 et_pb_row et_flex_row\"><div class=\"et_pb_column_10 et_pb_column et_flex_column et_pb_css_mix_blend_mode_passthrough et_flex_column_1_5 et_flex_column_12_24_tablet et_flex_column_24_24_phone\" data-loop-item=\"0\">\n<div class=\"et_pb_blurb_0 et_pb_blurb et_pb_bg_layout_light et_pb_text_align_center et_pb_blurb_position_top et_pb_module et_flex_module\"><div class=\"et_pb_blurb_content et_flex_module\"><div class=\"et_pb_main_blurb_image\"><span class=\"et_pb_image_wrap et_pb_only_image_mode_wrap\"><img loading=\"lazy\" decoding=\"async\" src=\"https:\/\/vakantie-meerlo-noord-limburg.nl\/wp-content\/uploads\/2026\/03\/Logo-Geelen-Beton.jpg\" width=\"600\" height=\"600\" srcset=\"https:\/\/vakantie-meerlo-noord-limburg.nl\/wp-content\/uploads\/2026\/03\/Logo-Geelen-Beton.jpg 600w, https:\/\/vakantie-meerlo-noord-limburg.nl\/wp-content\/uploads\/2026\/03\/Logo-Geelen-Beton-480x480.jpg 480w\" sizes=\"(min-width: 0px) and (max-width: 480px) 480px, (min-width: 481px) 600px, 100vw\" class=\"et-waypoint et_pb_animation_top et_pb_animation_top_tablet et_pb_animation_top_phone wp-image-223465\" \/><\/span><\/div><div class=\"et_pb_blurb_container\"><h4 class=\"et_pb_module_header\">Geelen Beton<\/h4><\/div><\/div><\/div>\n<\/div><div class=\"et_pb_column_11 et_pb_column et_flex_column et_pb_css_mix_blend_mode_passthrough et_flex_column_1_5 et_flex_column_12_24_tablet et_flex_column_24_24_phone\" data-loop-item=\"1\">\n<div class=\"et_pb_blurb_1 et_pb_blurb et_pb_bg_layout_light et_pb_text_align_center et_pb_blurb_position_top et_clickable et_pb_module et_flex_module\"><div class=\"et_pb_blurb_content et_flex_module\"><div class=\"et_pb_main_blurb_image\"><span class=\"et_pb_image_wrap et_pb_only_image_mode_wrap\"><img loading=\"lazy\" decoding=\"async\" src=\"https:\/\/vakantie-meerlo-noord-limburg.nl\/wp-content\/uploads\/2026\/03\/Logo-EUUM.jpg\" width=\"600\" height=\"600\" srcset=\"https:\/\/vakantie-meerlo-noord-limburg.nl\/wp-content\/uploads\/2026\/03\/Logo-EUUM.jpg 600w, https:\/\/vakantie-meerlo-noord-limburg.nl\/wp-content\/uploads\/2026\/03\/Logo-EUUM-480x480.jpg 480w\" sizes=\"(min-width: 0px) and (max-width: 480px) 480px, (min-width: 481px) 600px, 100vw\" class=\"et-waypoint et_pb_animation_top et_pb_animation_top_tablet et_pb_animation_top_phone wp-image-223463\" \/><\/span><\/div><div class=\"et_pb_blurb_container\"><h4 class=\"et_pb_module_header\">EU Montage<\/h4><\/div><\/div><\/div>\n<\/div><div class=\"et_pb_column_12 et_pb_column et_flex_column et_pb_css_mix_blend_mode_passthrough et_flex_column_1_5 et_flex_column_12_24_tablet et_flex_column_24_24_phone\" data-loop-item=\"2\">\n<div class=\"et_pb_blurb_2 et_pb_blurb et_pb_bg_layout_light et_pb_text_align_center et_pb_blurb_position_top et_clickable et_pb_module et_flex_module\"><div class=\"et_pb_blurb_content et_flex_module\"><div class=\"et_pb_main_blurb_image\"><span class=\"et_pb_image_wrap et_pb_only_image_mode_wrap\"><img loading=\"lazy\" decoding=\"async\" src=\"https:\/\/vakantie-meerlo-noord-limburg.nl\/wp-content\/uploads\/2026\/04\/Poels-Janssen-Logistics.webp\" width=\"240\" height=\"240\" srcset=\"https:\/\/vakantie-meerlo-noord-limburg.nl\/wp-content\/uploads\/2026\/04\/Poels-Janssen-Logistics.webp 240w, https:\/\/vakantie-meerlo-noord-limburg.nl\/wp-content\/uploads\/2026\/04\/Poels-Janssen-Logistics-150x150.webp 150w, https:\/\/vakantie-meerlo-noord-limburg.nl\/wp-content\/uploads\/2026\/04\/Poels-Janssen-Logistics-12x12.webp 12w\" sizes=\"(max-width: 240px) 100vw, 240px\" class=\"et-waypoint et_pb_animation_top et_pb_animation_top_tablet et_pb_animation_top_phone wp-image-223989\" \/><\/span><\/div><div class=\"et_pb_blurb_container\"><h4 class=\"et_pb_module_header\">Poels-Janssen logistics<\/h4><\/div><\/div><\/div>\n<\/div><div class=\"et_pb_column_13 et_pb_column et_flex_column et_pb_css_mix_blend_mode_passthrough et_flex_column_1_5 et_flex_column_12_24_tablet et_flex_column_24_24_phone\" data-loop-item=\"3\">\n<div class=\"et_pb_blurb_3 et_pb_blurb et_pb_bg_layout_light et_pb_text_align_center et_pb_blurb_position_top et_clickable et_pb_module et_flex_module\"><div class=\"et_pb_blurb_content et_flex_module\"><div class=\"et_pb_main_blurb_image\"><span class=\"et_pb_image_wrap et_pb_only_image_mode_wrap\"><img loading=\"lazy\" decoding=\"async\" src=\"https:\/\/vakantie-meerlo-noord-limburg.nl\/wp-content\/uploads\/2026\/04\/Milestone-farm.png\" width=\"225\" height=\"225\" srcset=\"https:\/\/vakantie-meerlo-noord-limburg.nl\/wp-content\/uploads\/2026\/04\/Milestone-farm.png 225w, https:\/\/vakantie-meerlo-noord-limburg.nl\/wp-content\/uploads\/2026\/04\/Milestone-farm-150x150.png 150w, https:\/\/vakantie-meerlo-noord-limburg.nl\/wp-content\/uploads\/2026\/04\/Milestone-farm-12x12.png 12w\" sizes=\"(max-width: 225px) 100vw, 225px\" class=\"et-waypoint et_pb_animation_top et_pb_animation_top_tablet et_pb_animation_top_phone wp-image-223993\" \/><\/span><\/div><div class=\"et_pb_blurb_container\"><h4 class=\"et_pb_module_header\">Milestone farm<\/h4><\/div><\/div><\/div>\n<\/div><div class=\"et_pb_column_14 et_pb_column et-last-child et_flex_column et_pb_css_mix_blend_mode_passthrough et_flex_column_1_5 et_flex_column_12_24_tablet et_flex_column_24_24_phone\" data-loop-item=\"4\">\n<div class=\"et_pb_blurb_4 et_pb_blurb et_pb_bg_layout_light et_pb_text_align_center et_pb_blurb_position_top et_clickable et_pb_module et_flex_module\"><div class=\"et_pb_blurb_content et_flex_module\"><div class=\"et_pb_main_blurb_image\"><span class=\"et_pb_image_wrap et_pb_only_image_mode_wrap\"><img loading=\"lazy\" decoding=\"async\" src=\"https:\/\/vakantie-meerlo-noord-limburg.nl\/wp-content\/uploads\/2026\/04\/Peelbergen-Equestrian-Centre.jpg\" width=\"200\" height=\"200\" srcset=\"https:\/\/vakantie-meerlo-noord-limburg.nl\/wp-content\/uploads\/2026\/04\/Peelbergen-Equestrian-Centre.jpg 200w, https:\/\/vakantie-meerlo-noord-limburg.nl\/wp-content\/uploads\/2026\/04\/Peelbergen-Equestrian-Centre-150x150.jpg 150w, https:\/\/vakantie-meerlo-noord-limburg.nl\/wp-content\/uploads\/2026\/04\/Peelbergen-Equestrian-Centre-12x12.jpg 12w\" sizes=\"(max-width: 200px) 100vw, 200px\" class=\"et-waypoint et_pb_animation_top et_pb_animation_top_tablet et_pb_animation_top_phone wp-image-223997\" \/><\/span><\/div><div class=\"et_pb_blurb_container\"><h4 class=\"et_pb_module_header\">Peelbergen Equestrian Centre<\/h4><\/div><\/div><\/div>\n<\/div><\/div>\n<\/div>","protected":false},"excerpt":{"rendered":"","protected":false},"author":1,"featured_media":0,"parent":222988,"menu_order":0,"comment_status":"closed","ping_status":"closed","template":"","meta":{"_acf_changed":false,"footnotes":""},"class_list":["post-223357","page","type-page","status-publish","hentry"],"acf":[],"yoast_head":"<!-- This site is optimized with the Yoast SEO plugin v27.2 - https:\/\/yoast.com\/product\/yoast-seo-wordpress\/ -->\n<title>Zakelijk verblijf - Vakantie Meerlo Noord Limburg<\/title>\n<meta name=\"description\" content=\"Bent u voor zakelijk verblijf tijdelijk in Venray, Horst aan de Maas of Venlo, dan bent u hier aan het juiste adres voor een overnachting.\" \/>\n<meta name=\"robots\" content=\"index, follow, max-snippet:-1, max-image-preview:large, max-video-preview:-1\" \/>\n<link rel=\"canonical\" href=\"https:\/\/vakantie-meerlo-noord-limburg.nl\/fr\/zakelijk-en-feesten\/zakelijk-verblijf\/\" \/>\n<meta property=\"og:locale\" content=\"fr_FR\" \/>\n<meta property=\"og:type\" content=\"article\" \/>\n<meta property=\"og:title\" content=\"Zakelijk verblijf - Vakantie Meerlo Noord Limburg\" \/>\n<meta property=\"og:description\" content=\"Bent u voor zakelijk verblijf tijdelijk in Venray, Horst aan de Maas of Venlo, dan bent u hier aan het juiste adres voor een overnachting.\" \/>\n<meta property=\"og:url\" content=\"https:\/\/vakantie-meerlo-noord-limburg.nl\/fr\/zakelijk-en-feesten\/zakelijk-verblijf\/\" \/>\n<meta property=\"og:site_name\" content=\"Vakantie Meerlo Noord Limburg\" \/>\n<meta property=\"article:modified_time\" content=\"2026-04-02T09:24:21+00:00\" \/>\n<meta name=\"twitter:card\" content=\"summary_large_image\" \/>\n<script type=\"application\/ld+json\" class=\"yoast-schema-graph\">{\"@context\":\"https:\/\/schema.org\",\"@graph\":[{\"@type\":\"WebPage\",\"@id\":\"https:\/\/vakantie-meerlo-noord-limburg.nl\/zakelijk-en-feesten\/zakelijk-verblijf\/\",\"url\":\"https:\/\/vakantie-meerlo-noord-limburg.nl\/zakelijk-en-feesten\/zakelijk-verblijf\/\",\"name\":\"Zakelijk verblijf - Vakantie Meerlo Noord Limburg\",\"isPartOf\":{\"@id\":\"https:\/\/vakantie-meerlo-noord-limburg.nl\/#website\"},\"datePublished\":\"2026-03-11T12:11:19+00:00\",\"dateModified\":\"2026-04-02T09:24:21+00:00\",\"description\":\"Bent u voor zakelijk verblijf tijdelijk in Venray, Horst aan de Maas of Venlo, dan bent u hier aan het juiste adres voor een overnachting.\",\"breadcrumb\":{\"@id\":\"https:\/\/vakantie-meerlo-noord-limburg.nl\/zakelijk-en-feesten\/zakelijk-verblijf\/#breadcrumb\"},\"inLanguage\":\"fr-FR\",\"potentialAction\":[{\"@type\":\"ReadAction\",\"target\":[\"https:\/\/vakantie-meerlo-noord-limburg.nl\/zakelijk-en-feesten\/zakelijk-verblijf\/\"]}]},{\"@type\":\"BreadcrumbList\",\"@id\":\"https:\/\/vakantie-meerlo-noord-limburg.nl\/zakelijk-en-feesten\/zakelijk-verblijf\/#breadcrumb\",\"itemListElement\":[{\"@type\":\"ListItem\",\"position\":1,\"name\":\"Home\",\"item\":\"https:\/\/vakantie-meerlo-noord-limburg.nl\/\"},{\"@type\":\"ListItem\",\"position\":2,\"name\":\"Zakelijk en feesten\",\"item\":\"https:\/\/vakantie-meerlo-noord-limburg.nl\/zakelijk-en-feesten\/\"},{\"@type\":\"ListItem\",\"position\":3,\"name\":\"Zakelijk verblijf\"}]},{\"@type\":\"WebSite\",\"@id\":\"https:\/\/vakantie-meerlo-noord-limburg.nl\/#website\",\"url\":\"https:\/\/vakantie-meerlo-noord-limburg.nl\/\",\"name\":\"Vakantie Meerlo Noord Limburg\",\"description\":\"Jouw ideale bestemming voor rust, ruimte en veelzijdige groepsvakanties\",\"potentialAction\":[{\"@type\":\"SearchAction\",\"target\":{\"@type\":\"EntryPoint\",\"urlTemplate\":\"https:\/\/vakantie-meerlo-noord-limburg.nl\/?s={search_term_string}\"},\"query-input\":{\"@type\":\"PropertyValueSpecification\",\"valueRequired\":true,\"valueName\":\"search_term_string\"}}],\"inLanguage\":\"fr-FR\"}]}<\/script>\n<!-- \/ Yoast SEO plugin. -->","yoast_head_json":{"title":"Zakelijk verblijf - Vakantie Meerlo Noord Limburg","description":"Bent u voor zakelijk verblijf tijdelijk in Venray, Horst aan de Maas of Venlo, dan bent u hier aan het juiste adres voor een overnachting.","robots":{"index":"index","follow":"follow","max-snippet":"max-snippet:-1","max-image-preview":"max-image-preview:large","max-video-preview":"max-video-preview:-1"},"canonical":"https:\/\/vakantie-meerlo-noord-limburg.nl\/fr\/zakelijk-en-feesten\/zakelijk-verblijf\/","og_locale":"fr_FR","og_type":"article","og_title":"Zakelijk verblijf - Vakantie Meerlo Noord Limburg","og_description":"Bent u voor zakelijk verblijf tijdelijk in Venray, Horst aan de Maas of Venlo, dan bent u hier aan het juiste adres voor een overnachting.","og_url":"https:\/\/vakantie-meerlo-noord-limburg.nl\/fr\/zakelijk-en-feesten\/zakelijk-verblijf\/","og_site_name":"Vakantie Meerlo Noord Limburg","article_modified_time":"2026-04-02T09:24:21+00:00","twitter_card":"summary_large_image","schema":{"@context":"https:\/\/schema.org","@graph":[{"@type":"WebPage","@id":"https:\/\/vakantie-meerlo-noord-limburg.nl\/zakelijk-en-feesten\/zakelijk-verblijf\/","url":"https:\/\/vakantie-meerlo-noord-limburg.nl\/zakelijk-en-feesten\/zakelijk-verblijf\/","name":"Zakelijk verblijf - Vakantie Meerlo Noord Limburg","isPartOf":{"@id":"https:\/\/vakantie-meerlo-noord-limburg.nl\/#website"},"datePublished":"2026-03-11T12:11:19+00:00","dateModified":"2026-04-02T09:24:21+00:00","description":"Bent u voor zakelijk verblijf tijdelijk in Venray, Horst aan de Maas of Venlo, dan bent u hier aan het juiste adres voor een overnachting.","breadcrumb":{"@id":"https:\/\/vakantie-meerlo-noord-limburg.nl\/zakelijk-en-feesten\/zakelijk-verblijf\/#breadcrumb"},"inLanguage":"fr-FR","potentialAction":[{"@type":"ReadAction","target":["https:\/\/vakantie-meerlo-noord-limburg.nl\/zakelijk-en-feesten\/zakelijk-verblijf\/"]}]},{"@type":"BreadcrumbList","@id":"https:\/\/vakantie-meerlo-noord-limburg.nl\/zakelijk-en-feesten\/zakelijk-verblijf\/#breadcrumb","itemListElement":[{"@type":"ListItem","position":1,"name":"Home","item":"https:\/\/vakantie-meerlo-noord-limburg.nl\/"},{"@type":"ListItem","position":2,"name":"Zakelijk en feesten","item":"https:\/\/vakantie-meerlo-noord-limburg.nl\/zakelijk-en-feesten\/"},{"@type":"ListItem","position":3,"name":"Zakelijk verblijf"}]},{"@type":"WebSite","@id":"https:\/\/vakantie-meerlo-noord-limburg.nl\/#website","url":"https:\/\/vakantie-meerlo-noord-limburg.nl\/","name":"Vakantie Meerlo Noord Limburg","description":"Jouw ideale bestemming voor rust, ruimte en veelzijdige groepsvakanties","potentialAction":[{"@type":"SearchAction","target":{"@type":"EntryPoint","urlTemplate":"https:\/\/vakantie-meerlo-noord-limburg.nl\/?s={search_term_string}"},"query-input":{"@type":"PropertyValueSpecification","valueRequired":true,"valueName":"search_term_string"}}],"inLanguage":"fr-FR"}]}},"publishpress_future_action":{"enabled":false,"date":"2026-05-06 05:35:17","action":"change-status","newStatus":"draft","terms":[],"taxonomy":"","extraData":[]},"publishpress_future_workflow_manual_trigger":{"enabledWorkflows":[]},"_links":{"self":[{"href":"https:\/\/vakantie-meerlo-noord-limburg.nl\/fr\/wp-json\/wp\/v2\/pages\/223357","targetHints":{"allow":["GET"]}}],"collection":[{"href":"https:\/\/vakantie-meerlo-noord-limburg.nl\/fr\/wp-json\/wp\/v2\/pages"}],"about":[{"href":"https:\/\/vakantie-meerlo-noord-limburg.nl\/fr\/wp-json\/wp\/v2\/types\/page"}],"author":[{"embeddable":true,"href":"https:\/\/vakantie-meerlo-noord-limburg.nl\/fr\/wp-json\/wp\/v2\/users\/1"}],"replies":[{"embeddable":true,"href":"https:\/\/vakantie-meerlo-noord-limburg.nl\/fr\/wp-json\/wp\/v2\/comments?post=223357"}],"version-history":[{"count":15,"href":"https:\/\/vakantie-meerlo-noord-limburg.nl\/fr\/wp-json\/wp\/v2\/pages\/223357\/revisions"}],"predecessor-version":[{"id":223978,"href":"https:\/\/vakantie-meerlo-noord-limburg.nl\/fr\/wp-json\/wp\/v2\/pages\/223357\/revisions\/223978"}],"up":[{"embeddable":true,"href":"https:\/\/vakantie-meerlo-noord-limburg.nl\/fr\/wp-json\/wp\/v2\/pages\/222988"}],"wp:attachment":[{"href":"https:\/\/vakantie-meerlo-noord-limburg.nl\/fr\/wp-json\/wp\/v2\/media?parent=223357"}],"curies":[{"name":"wp","href":"https:\/\/api.w.org\/{rel}","templated":true}]}}